{"id":52,"date":"2020-03-25T07:17:28","date_gmt":"2020-03-25T07:17:28","guid":{"rendered":"https:\/\/germinagro.pt\/web1\/?page_id=52"},"modified":"2020-11-27T16:20:46","modified_gmt":"2020-11-27T16:20:46","slug":"sobre","status":"publish","type":"page","link":"https:\/\/germinagro.pt\/web1\/sobre\/","title":{"rendered":"Sobre"},"content":{"rendered":"\n<h2 class=\"has-text-align-center wp-block-heading\">Origem<\/h2>\n\n\n\n<div class=\"wp-block-image\"><figure class=\"aligncenter size-medium is-resized\"><img loading=\"lazy\" decoding=\"async\" src=\"https:\/\/germinagro.pt\/web1\/wp-content\/uploads\/2020\/04\/logo_germinagro_ok-1-300x95.png\" alt=\"\" class=\"wp-image-571\" width=\"300\" height=\"95\" srcset=\"https:\/\/germinagro.pt\/web1\/wp-content\/uploads\/2020\/04\/logo_germinagro_ok-1-300x95.png 300w, https:\/\/germinagro.pt\/web1\/wp-content\/uploads\/2020\/04\/logo_germinagro_ok-1.png 500w\" sizes=\"(max-width: 300px) 100vw, 300px\" \/><\/figure><\/div>\n\n\n\n<p style=\"text-align: justify;\">A Germinagro opera no mercado nacional no ramo da floricultura desde o ano de 2005, deu os seus primeiros passos no cultivo exclusivo de Cravos e Lilium (LA e Oriental). Ao longo dos anos a empresa passou a incluir na sua produ\u00e7\u00e3o mais variedades de flor de corte de forma a dar resposta aos pedidos dos seus clientes.<\/p>\n<p style=\"text-align: justify;\"><img loading=\"lazy\" decoding=\"async\" class=\"size-medium wp-image-830 alignleft\" src=\"https:\/\/germinagro.pt\/web1\/wp-content\/uploads\/2020\/11\/IMG_20201007_115124-255x300.jpg\" alt=\"\" width=\"255\" height=\"300\" srcset=\"https:\/\/germinagro.pt\/web1\/wp-content\/uploads\/2020\/11\/IMG_20201007_115124-255x300.jpg 255w, https:\/\/germinagro.pt\/web1\/wp-content\/uploads\/2020\/11\/IMG_20201007_115124.jpg 298w\" sizes=\"(max-width: 255px) 100vw, 255px\" \/>Tendo at\u00e9 2018 feito esse percurso com outra designa\u00e7\u00e3o, a empresa cria uma nova marca, a actual Germinagro Lda, onde entre outras mudan\u00e7as passa tamb\u00e9m a incorporar a produ\u00e7\u00e3o de hort\u00edcolas no seu plano de cultivo.<\/p>\n<p style=\"text-align: justify;\">Mantendo um perfil de empresa familiar, com a dedica\u00e7\u00e3o e qualidade que sempre esteve presente, trabalha di\u00e1riamente para levar at\u00e9 si sorrisos e sabores .<\/p>\n\n\n\n<h2 class=\"wp-block-heading\">O que produzimos e como produzimos?<\/h2>\n\n\n\n<div class=\"wp-block-columns is-layout-flex wp-container-core-columns-layout-1 wp-block-columns-is-layout-flex\">\n<div class=\"wp-block-column is-layout-flow wp-block-column-is-layout-flow\" style=\"flex-basis:66.66%\">\n<p>Numa \u00e1rea de 1ha em regime de estufa e ar livre, a Germinagro tem vindo a aumentar o n\u00famero de esp\u00e9cies que produz, contando hoje com cerca de 25 produtos de <a href=\"https:\/\/germinagro.pt\/web1\/flor-de-corte\/\">floricultura<\/a> e <a href=\"https:\/\/germinagro.pt\/web1\/horticultura\/\">horticultura<\/a> no seu portf\u00f3lio, sendo uma grande parte de produ\u00e7\u00e3o constante e outra sazonal.<br><br>Tudo realizado atrav\u00e9s de um processo di\u00e1rio de cultivo, manuten\u00e7\u00e3o e colheita, com o intuito de oferecer as melhores op\u00e7\u00f5es e uma qualidade superior para comercializa\u00e7\u00e3o.<\/p>\n<\/div>\n\n\n\n<div class=\"wp-block-column is-layout-flow wp-block-column-is-layout-flow\" style=\"flex-basis:33.33%\">\n<div class=\"wp-block-image is-style-default\"><figure class=\"alignleft size-medium\"><img loading=\"lazy\" decoding=\"async\" width=\"300\" height=\"274\" src=\"https:\/\/germinagro.pt\/web1\/wp-content\/uploads\/2020\/03\/stalite-300x274.jpg\" alt=\"\" class=\"wp-image-353\" srcset=\"https:\/\/germinagro.pt\/web1\/wp-content\/uploads\/2020\/03\/stalite-300x274.jpg 300w, https:\/\/germinagro.pt\/web1\/wp-content\/uploads\/2020\/03\/stalite.jpg 488w\" sizes=\"(max-width: 300px) 100vw, 300px\" \/><\/figure><\/div>\n<\/div>\n<\/div>\n\n\n\n<h3 class=\"wp-block-heading\">Distribui\u00e7\u00e3o &#8211; Flor de Corte<\/h3>\n\n\n\n<div class=\"wp-block-columns is-layout-flex wp-container-core-columns-layout-2 wp-block-columns-is-layout-flex\">\n<div class=\"wp-block-column is-layout-flow wp-block-column-is-layout-flow\">\n<p class=\"has-background has-text-align-center has-green-background-color\"><span style=\"color:#2f3633\" class=\"tadv-color\">Grossistas<\/span><\/p>\n\n\n\n<p class=\"has-text-align-center\">Um crescimento significativo da capacidade produtiva permite-nos estar no mercado grossista e adequar as nossas ofertas \u00e0 procura.<br><br>Para al\u00e9m do ponto de venda no mercado Mercoflores, destinado a profissionais do sector, localizado no concelho da Maia, os nossos produtos podem tamb\u00e9m ser adquiridos atrav\u00e9s da nossa viatura de Auto-Venda ou enviados atrav\u00e9s de diferentes meios dispon\u00edveis, para onde o cliente desejar.<\/p>\n<\/div>\n\n\n\n<div class=\"wp-block-column is-layout-flow wp-block-column-is-layout-flow\">\n<p style=\"background-color:#de9edc\" class=\"has-background has-text-align-center\"><span style=\"color:#2f3633\" class=\"tadv-color\">Floristas<\/span><\/p>\n\n\n\n<p class=\"has-text-align-center\">A nossa oferta \u00e9 elaborada a pensar na especificidade do trabalho dos floristas que retribuem com a sua fidelidade durante largos anos de colabora\u00e7\u00e3o.&nbsp;<br><br>Comercializamos todo o tipo de flores, nacionais e importadas. Todas elas s\u00e3o sujeitas a uma rigorosa avalia\u00e7\u00e3o garantindo a conformidade com os padr\u00f5es de qualidade.<br>Os nossos produtos podem ser adquiridos atrav\u00e9s da nossa viatura de Auto-Venda&nbsp;<\/p>\n<\/div>\n<\/div>\n\n\n\n<h3 class=\"wp-block-heading\">Entregas &#8211; Hort\u00edcolas<\/h3>\n\n\n\n<p><span style=\"color:#a30000\" class=\"tadv-color\">! servi\u00e7o suspenso tempor\u00e1riamente !<\/span><\/p>\n\n\n\n<p>Temos tamb\u00e9m ao seu dispor um servi\u00e7o de entregas dos nossos produtos hort\u00edcolas. <br><\/p>\n\n\n\n<p>Procure o seu concelho e verifique se a sua zona est\u00e1 dentro das nossas <a href=\"#\">rotas<\/a>. <\/p>\n\n\n\n<p><\/p>\n\n\n\n<p><\/p>\n\n\n\n<p><strong>Saiba tamb\u00e9m onde s\u00e3o os nossos <a href=\"https:\/\/germinagro.pt\/web1\/contacto\/\">Pontos de Venda<\/a>.<\/strong><\/p>\n","protected":false},"excerpt":{"rendered":"<p>Origem A Germinagro opera no mercado nacional no ramo da floricultura desde o ano de 2005, deu os seus primeiros passos no cultivo exclusivo de&hellip;<\/p>\n","protected":false},"author":1,"featured_media":563,"parent":0,"menu_order":0,"comment_status":"closed","ping_status":"closed","template":"","meta":{"footnotes":""},"_links":{"self":[{"href":"https:\/\/germinagro.pt\/web1\/wp-json\/wp\/v2\/pages\/52"}],"collection":[{"href":"https:\/\/germinagro.pt\/web1\/wp-json\/wp\/v2\/pages"}],"about":[{"href":"https:\/\/germinagro.pt\/web1\/wp-json\/wp\/v2\/types\/page"}],"author":[{"embeddable":true,"href":"https:\/\/germinagro.pt\/web1\/wp-json\/wp\/v2\/users\/1"}],"replies":[{"embeddable":true,"href":"https:\/\/germinagro.pt\/web1\/wp-json\/wp\/v2\/comments?post=52"}],"version-history":[{"count":83,"href":"https:\/\/germinagro.pt\/web1\/wp-json\/wp\/v2\/pages\/52\/revisions"}],"predecessor-version":[{"id":834,"href":"https:\/\/germinagro.pt\/web1\/wp-json\/wp\/v2\/pages\/52\/revisions\/834"}],"wp:featuredmedia":[{"embeddable":true,"href":"https:\/\/germinagro.pt\/web1\/wp-json\/wp\/v2\/media\/563"}],"wp:attachment":[{"href":"https:\/\/germinagro.pt\/web1\/wp-json\/wp\/v2\/media?parent=52"}],"curies":[{"name":"wp","href":"https:\/\/api.w.org\/{rel}","templated":true}]}}